{"id":2674,"date":"2015-08-08T17:26:12","date_gmt":"2015-08-08T15:26:12","guid":{"rendered":"http:\/\/xenorama.de\/mezzanin\/?post_type=portfolio&#038;p=2674"},"modified":"2025-05-19T13:31:09","modified_gmt":"2025-05-19T11:31:09","slug":"moya-facade","status":"publish","type":"portfolio","link":"https:\/\/xenorama.com\/de\/portfolio\/moya-facade\/","title":{"rendered":"MOYA FA\u00c7ADE"},"content":{"rendered":"<section class=\"wpb-content-wrapper\">[vc_row full_width=&#8220;stretch_row&#8220; full_height=&#8220;yes&#8220; columns_placement=&#8220;top&#8220; content_placement=&#8220;middle&#8220; hide_bg_image_on_tablet=&#8220;&#8220; hide_bg_image_on_mobile=&#8220;&#8220; css=&#8220;.vc_custom_1584721509791{background-image: url(http:\/\/xenorama.de\/mezzanin\/wp-content\/uploads\/2019\/01\/moya-facade_11.jpg?id=782) !important;background-position: center !important;background-repeat: no-repeat !important;background-size: cover !important;}&#8220;][vc_column width=&#8220;1\/3&#8243; fix_column=&#8220;1&#8243; hide_bg_image_on_tablet=&#8220;&#8220; hide_bg_image_on_mobile=&#8220;&#8220; el_class=&#8220;portfolio-single_title-div&#8220; css=&#8220;.vc_custom_1585928968452{background-color: rgba(17,17,17,0.5) !important;*background-color: rgb(17,17,17) !important;}&#8220;][vc_column_text]\n<h3>MOYA FA\u00c7ADE<\/h3>\n[\/vc_column_text][vc_separator color=&#8220;white&#8220; border_width=&#8220;4&#8243;][vc_column_text css=&#8220;.vc_custom_1584955949929{margin-bottom: 1em !important;}&#8220;]\n<h5><strong>Historisches Storytelling durch Projection Mapping<\/strong><\/h5>\n[\/vc_column_text][vc_column_text]\n<h5><p>Premiere im August 2014 <br> Kuratiert vom Genius Loci Festival <br>Pr\u00e4sentiert auf dem Herderplatz, Weimar, Deutschland<\/p><\/h5>\n[\/vc_column_text][\/vc_column][\/vc_row][vc_row gap=&#8220;20&#8243; hide_bg_image_on_tablet=&#8220;&#8220; hide_bg_image_on_mobile=&#8220;&#8220; el_class=&#8220;portfolio-single_content-row&#8220;][vc_column width=&#8220;1\/3&#8243; fix_column=&#8220;1&#8243; hide_bg_image_on_tablet=&#8220;&#8220; hide_bg_image_on_mobile=&#8220;&#8220; el_class=&#8220;portfolio-single_text-column&#8220;][vc_column_text]Moya Fa\u00e7ade besch\u00e4ftigt sich mit dem geschichtlichen und architektonischen Kontext des Herderplatzes in Weimar.<\/p>\n<p>Auf diesem Platz stehen sich eine Fassade mit der B\u00fcste von Paul Kr\u00fcger, eines fr\u00fcheren Burenpr\u00e4sidenten in S\u00fcdafrika, und die Statue des Theologen und Humanisten Johann Gottfried Herder seit \u00fcber einem Jahrhundert schweigend gegen\u00fcber.<\/p>\n<p>Aus den im h\u00f6chsten Ma\u00dfe unterschiedlichen Weltanschauungen der Beiden ergibt sich die Inspiration f\u00fcr die Projektion. Ein wesentlicher Bestandteil der \u00c4sthetik speist sich aus Motiven der traditionellen Hausmalereien und Masken des s\u00fcdafrikanischen Ndebele Volkes. Es ergibt sich ein lebhaftes Wechselspiel zwischen klassizistischer Fassade und indigener Formensprache.[\/vc_column_text][vc_separator color=&#8220;white&#8220; css=&#8220;.vc_custom_1549268778335{margin-top: 2em !important;margin-bottom: 3em !important;}&#8220;][vc_column_text el_class=&#8220;portfolio-single_credits&#8220;]<strong><em>Credits:<\/em><\/strong>[\/vc_column_text][vc_column_text el_class=&#8220;portfolio-single_credits&#8220;]Created by Xenorama (<a href=\"http:\/\/lorenzpotthast.de\/\" target=\"_blank\" rel=\"noopener noreferrer\">Lorenz Potthast<\/a>, <a href=\"http:\/\/xenorama.de\/mezzanin\/about-xen\/\" target=\"_blank\" rel=\"noopener noreferrer\">Marcel B\u00fcckner<\/a>, <a href=\"http:\/\/mojari.de\/\" target=\"_blank\" rel=\"noopener noreferrer\">Moritz Richartz<\/a>, <a href=\"http:\/\/xenorama.de\/mezzanin\/about-xen\/\" target=\"_blank\" rel=\"noopener noreferrer\">Richard Oeckel<\/a>, <a href=\"http:\/\/xenorama.de\/mezzanin\/about-xen\/\" target=\"_blank\" rel=\"noopener noreferrer\">Tim Heinze<\/a>) zusammen mit <a href=\"https:\/\/t-geisler.artstation.com\/\">Thorbj\u00f6rn Geisler<\/a><\/p>\n<div class=\"span12 module_number_7 module_cont module_text_area\">\n<div class=\"module_content\">\n<p>Vielen Dank an das <a href=\"https:\/\/www.genius-loci-weimar.org\/\">Genius Loci Festival<\/a> , das uns f\u00fcr dieses Projekt zusammengebracht hat.<br \/>\nAu\u00dferdem vielen Dank f\u00fcr unsere Freunde bei <a href=\"https:\/\/www.urbanscreen.com\">Urbanscreen<\/a> f\u00fcr die technische Unterst\u00fctzung!<\/p>\n<\/div>\n<\/div>\n<p><em>\u00a0<\/em>[\/vc_column_text][\/vc_column][vc_column width=&#8220;2\/3&#8243; hide_bg_image_on_tablet=&#8220;&#8220; hide_bg_image_on_mobile=&#8220;&#8220; el_class=&#8220;portfolio-single_content-column&#8220;][vc_wp_text]\n<div style=\"padding: 56.25% 0 0 0; position: relative;\"><iframe style=\"position: absolute; top: 0; left: 0; width: 100%; height: 100%;\" src=\"https:\/\/player.vimeo.com\/video\/106346244?h=494fe45f5c&amp;title=0&amp;byline=0&amp;portrait=0\" frameborder=\"0\" allowfullscreen=\"allowfullscreen\"><\/iframe><\/div>\n<p><script src=\"https:\/\/player.vimeo.com\/api\/player.js\"><\/script>[\/vc_wp_text][vc_row_inner][vc_column_inner width=&#8220;1\/2&#8243;][vc_single_image image=&#8220;2752&#8243; img_size=&#8220;&#8220; onclick=&#8220;img_link_large&#8220;][\/vc_column_inner][vc_column_inner width=&#8220;1\/2&#8243;][vc_single_image image=&#8220;2761&#8243; img_size=&#8220;&#8220; onclick=&#8220;img_link_large&#8220;][vc_single_image image=&#8220;2725&#8243; img_size=&#8220;&#8220; onclick=&#8220;img_link_large&#8220;][\/vc_column_inner][\/vc_row_inner][vc_wp_text]\n<div style=\"padding: 56.25% 0 0 0; position: relative;\"><iframe style=\"position: absolute; top: 0; left: 0; width: 100%; height: 100%;\" src=\"https:\/\/player.vimeo.com\/video\/109623923?h=fe393edcca&amp;title=0&amp;byline=0&amp;portrait=0\" frameborder=\"0\" allowfullscreen=\"allowfullscreen\"><\/iframe><\/div>\n<p><script src=\"https:\/\/player.vimeo.com\/api\/player.js\"><\/script>[\/vc_wp_text][vc_row_inner][vc_column_inner width=&#8220;1\/3&#8243;][vc_single_image image=&#8220;2726&#8243; img_size=&#8220;large&#8220; onclick=&#8220;img_link_large&#8220;][vc_single_image image=&#8220;2767&#8243; img_size=&#8220;&#8220; onclick=&#8220;img_link_large&#8220;][\/vc_column_inner][vc_column_inner width=&#8220;1\/3&#8243;][vc_single_image image=&#8220;2753&#8243; img_size=&#8220;&#8220; onclick=&#8220;img_link_large&#8220;][vc_single_image image=&#8220;2763&#8243; img_size=&#8220;&#8220; onclick=&#8220;img_link_large&#8220;][\/vc_column_inner][vc_column_inner width=&#8220;1\/3&#8243;][vc_single_image image=&#8220;2764&#8243; img_size=&#8220;&#8220; onclick=&#8220;img_link_large&#8220;][vc_single_image image=&#8220;2727&#8243; img_size=&#8220;&#8220; onclick=&#8220;img_link_large&#8220;][\/vc_column_inner][\/vc_row_inner][vc_column_text]<iframe loading=\"lazy\" src=\"https:\/\/w.soundcloud.com\/player\/?url=https%3A\/\/api.soundcloud.com\/tracks\/184774899&amp;color=%23000000&amp;auto_play=false&amp;hide_related=false&amp;show_comments=true&amp;show_user=true&amp;show_reposts=false&amp;show_teaser=true&amp;visual=true\" width=\"100%\" height=\"200\" frameborder=\"no\" scrolling=\"no\"><\/iframe>[\/vc_column_text][vc_separator color=&#8220;white&#8220; css=&#8220;.vc_custom_1549268778335{margin-top: 2em !important;margin-bottom: 3em !important;}&#8220;][vc_column_text]\n<h3>Making Of<\/h3>\n[\/vc_column_text][vc_row_inner][vc_column_inner width=&#8220;1\/3&#8243;][vc_single_image image=&#8220;787&#8243; img_size=&#8220;large&#8220; onclick=&#8220;img_link_large&#8220;][vc_single_image image=&#8220;2757&#8243; img_size=&#8220;&#8220; onclick=&#8220;img_link_large&#8220;][vc_single_image image=&#8220;2759&#8243; img_size=&#8220;&#8220; onclick=&#8220;img_link_large&#8220;][\/vc_column_inner][vc_column_inner width=&#8220;1\/3&#8243;][vc_single_image image=&#8220;2734&#8243; img_size=&#8220;&#8220; onclick=&#8220;img_link_large&#8220;][vc_single_image image=&#8220;2735&#8243; img_size=&#8220;&#8220; onclick=&#8220;img_link_large&#8220;][vc_single_image image=&#8220;2773&#8243; img_size=&#8220;&#8220; onclick=&#8220;img_link_large&#8220;][\/vc_column_inner][vc_column_inner width=&#8220;1\/3&#8243;][vc_column_text]\n<h6>Dies war das erste Projekt, das wir in der jetztigen Konstellation als Xenorama realisierte. Dadurch legten wir viele der Grundlagen f\u00fcr unsere sp\u00e4teren <a href=\"https:\/\/xenorama.de\/mezzanin\/projects\/#research\">Workflows und Strategien<\/a>.<\/h6>\n[\/vc_column_text][vc_single_image image=&#8220;2732&#8243; img_size=&#8220;&#8220; onclick=&#8220;img_link_large&#8220;][\/vc_column_inner][\/vc_row_inner][\/vc_column][\/vc_row]\n<\/section>","protected":false},"excerpt":{"rendered":"<p>[vc_row full_width=&#8220;stretch_row&#8220; full_height=&#8220;yes&#8220; columns_placement=&#8220;top&#8220; content_placement=&#8220;middle&#8220; hide_bg_image_on_tablet=&#8220;&#8220; hide_bg_image_on_mobile=&#8220;&#8220; css=&#8220;.vc_custom_1584721509791{background-image: url(http:\/\/xenorama.de\/mezzanin\/wp-content\/uploads\/2019\/01\/moya-facade_11.jpg?id=782) !important;background-position: center !important;background-repeat: no-repeat !important;background-size: cover !important;}&#8220;][vc_column width=&#8220;1\/3&#8243; fix_column=&#8220;1&#8243; hide_bg_image_on_tablet=&#8220;&#8220; hide_bg_image_on_mobile=&#8220;&#8220; el_class=&#8220;portfolio-single_title-div&#8220; css=&#8220;.vc_custom_1585928968452{background-color: rgba(17,17,17,0.5) !important;*background-color:&hellip;<\/p>\n","protected":false},"author":3,"featured_media":4473,"comment_status":"open","ping_status":"closed","template":"","meta":{"footnotes":""},"portfolio_category":[49],"portfolio_tag":[],"class_list":["post-2674","portfolio","type-portfolio","status-publish","has-post-thumbnail","hentry","portfolio_category-media-art"],"translation":{"provider":"WPGlobus","version":"3.0.2","language":"de","enabled_languages":["en","de"],"languages":{"en":{"title":true,"content":true,"excerpt":false},"de":{"title":true,"content":true,"excerpt":false}}},"yoast_head":"<!-- This site is optimized with the Yoast SEO plugin v26.8 - https:\/\/yoast.com\/product\/yoast-seo-wordpress\/ -->\n<title>MOYA FA\u00c7ADE | Xenorama<\/title>\n<meta name=\"description\" content=\"Historisches Storytelling durch Projection Mapping | Moya Fa\u00e7ade besch\u00e4ftigt sich mit dem geschichtlichen und architektonischen Kontext des Herderplatzes in Weimar.Auf diesem Platz stehen sich eine Fassade mit der B\u00fcste von Paul Kr\u00fcger, eines fr\u00fcheren Burenpr\u00e4sidenten in S\u00fcdafrika, und die Statue des Theologen und Humanisten Johann Gottfried Herder seit \u00fcber einem Jahrhundert schweigend gegen\u00fcber.Aus den im h\u00f6chsten Ma\u00dfe unterschiedlichen Weltanschauungen der Beiden ergibt sich die Inspiration f\u00fcr die Projektion. Ein wesentlicher Bestandteil der \u00c4sthetik speist sich aus Motiven der traditionellen Hausmalereien und Masken des s\u00fcdafrikanischen Ndebele Volkes. Es ergibt sich ein lebhaftes Wechselspiel zwischen klassizistischer Fassade und indigener Formensprache.\" \/>\n<meta name=\"robots\" content=\"index, follow, max-snippet:-1, max-image-preview:large, max-video-preview:-1\" \/>\n<link rel=\"canonical\" href=\"https:\/\/xenorama.com\/portfolio\/moya-facade\/\" \/>\n<meta property=\"og:locale\" content=\"de_DE\" \/>\n<meta property=\"og:type\" content=\"article\" \/>\n<meta property=\"og:title\" content=\"MOYA FA\u00c7ADE | Xenorama\" \/>\n<meta property=\"og:description\" content=\"Historisches Storytelling durch Projection Mapping | Moya Fa\u00e7ade besch\u00e4ftigt sich mit dem geschichtlichen und architektonischen Kontext des Herderplatzes in Weimar.Auf diesem Platz stehen sich eine Fassade mit der B\u00fcste von Paul Kr\u00fcger, eines fr\u00fcheren Burenpr\u00e4sidenten in S\u00fcdafrika, und die Statue des Theologen und Humanisten Johann Gottfried Herder seit \u00fcber einem Jahrhundert schweigend gegen\u00fcber.Aus den im h\u00f6chsten Ma\u00dfe unterschiedlichen Weltanschauungen der Beiden ergibt sich die Inspiration f\u00fcr die Projektion. Ein wesentlicher Bestandteil der \u00c4sthetik speist sich aus Motiven der traditionellen Hausmalereien und Masken des s\u00fcdafrikanischen Ndebele Volkes. Es ergibt sich ein lebhaftes Wechselspiel zwischen klassizistischer Fassade und indigener Formensprache.\" \/>\n<meta property=\"og:url\" content=\"https:\/\/xenorama.com\/portfolio\/moya-facade\/\" \/>\n<meta property=\"og:site_name\" content=\"Xenorama\" \/>\n<meta property=\"article:publisher\" content=\"https:\/\/www.facebook.com\/xenorama.collective\/\" \/>\n<meta property=\"article:modified_time\" content=\"2025-05-19T11:31:09+00:00\" \/>\n<meta property=\"og:image\" content=\"https:\/\/xenorama.com\/wp-content\/uploads\/2015\/08\/GLO_CC_BG_WEB.jpg\" \/>\n\t<meta property=\"og:image:width\" content=\"1920\" \/>\n\t<meta property=\"og:image:height\" content=\"1080\" \/>\n\t<meta property=\"og:image:type\" content=\"image\/jpeg\" \/>\n<meta name=\"twitter:card\" content=\"summary_large_image\" \/>\n<meta name=\"twitter:label1\" content=\"Gesch\u00e4tzte Lesezeit\" \/>\n\t<meta name=\"twitter:data1\" content=\"4\u00a0Minuten\" \/>\n<!-- \/ Yoast SEO plugin. -->","yoast_head_json":{"title":"MOYA FA\u00c7ADE | Xenorama","description":"Historisches Storytelling durch Projection Mapping | Moya Fa\u00e7ade besch\u00e4ftigt sich mit dem geschichtlichen und architektonischen Kontext des Herderplatzes in Weimar.Auf diesem Platz stehen sich eine Fassade mit der B\u00fcste von Paul Kr\u00fcger, eines fr\u00fcheren Burenpr\u00e4sidenten in S\u00fcdafrika, und die Statue des Theologen und Humanisten Johann Gottfried Herder seit \u00fcber einem Jahrhundert schweigend gegen\u00fcber.Aus den im h\u00f6chsten Ma\u00dfe unterschiedlichen Weltanschauungen der Beiden ergibt sich die Inspiration f\u00fcr die Projektion. Ein wesentlicher Bestandteil der \u00c4sthetik speist sich aus Motiven der traditionellen Hausmalereien und Masken des s\u00fcdafrikanischen Ndebele Volkes. Es ergibt sich ein lebhaftes Wechselspiel zwischen klassizistischer Fassade und indigener Formensprache.","robots":{"index":"index","follow":"follow","max-snippet":"max-snippet:-1","max-image-preview":"max-image-preview:large","max-video-preview":"max-video-preview:-1"},"canonical":"https:\/\/xenorama.com\/portfolio\/moya-facade\/","og_locale":"de_DE","og_type":"article","og_title":"MOYA FA\u00c7ADE | Xenorama","og_description":"Historisches Storytelling durch Projection Mapping | Moya Fa\u00e7ade besch\u00e4ftigt sich mit dem geschichtlichen und architektonischen Kontext des Herderplatzes in Weimar.Auf diesem Platz stehen sich eine Fassade mit der B\u00fcste von Paul Kr\u00fcger, eines fr\u00fcheren Burenpr\u00e4sidenten in S\u00fcdafrika, und die Statue des Theologen und Humanisten Johann Gottfried Herder seit \u00fcber einem Jahrhundert schweigend gegen\u00fcber.Aus den im h\u00f6chsten Ma\u00dfe unterschiedlichen Weltanschauungen der Beiden ergibt sich die Inspiration f\u00fcr die Projektion. Ein wesentlicher Bestandteil der \u00c4sthetik speist sich aus Motiven der traditionellen Hausmalereien und Masken des s\u00fcdafrikanischen Ndebele Volkes. Es ergibt sich ein lebhaftes Wechselspiel zwischen klassizistischer Fassade und indigener Formensprache.","og_url":"https:\/\/xenorama.com\/portfolio\/moya-facade\/","og_site_name":"Xenorama","article_publisher":"https:\/\/www.facebook.com\/xenorama.collective\/","article_modified_time":"2025-05-19T11:31:09+00:00","og_image":[{"width":1920,"height":1080,"url":"https:\/\/xenorama.com\/wp-content\/uploads\/2015\/08\/GLO_CC_BG_WEB.jpg","type":"image\/jpeg"}],"twitter_card":"summary_large_image","twitter_misc":{"Gesch\u00e4tzte Lesezeit":"4\u00a0Minuten"},"schema":{"@context":"https:\/\/schema.org","@graph":[{"@type":"WebPage","@id":"https:\/\/xenorama.com\/portfolio\/moya-facade\/","url":"https:\/\/xenorama.com\/portfolio\/moya-facade\/","name":"MOYA FA\u00c7ADE | Xenorama","isPartOf":{"@id":"https:\/\/xenorama.com\/#website"},"primaryImageOfPage":{"@id":"https:\/\/xenorama.com\/portfolio\/moya-facade\/#primaryimage"},"image":{"@id":"https:\/\/xenorama.com\/portfolio\/moya-facade\/#primaryimage"},"thumbnailUrl":"https:\/\/xenorama.com\/wp-content\/uploads\/2015\/08\/GLO_CC_BG_WEB.jpg","datePublished":"2015-08-08T15:26:12+00:00","dateModified":"2025-05-19T11:31:09+00:00","description":"Historical Storytelling through Projection Mapping | The show was hosted at the Herderplatz in Weimar and projected onto the Ohm Kr\u00fcger House as well as onto the statue of Johann Gottfried von Herder.On this square, the bust of Paul Kr\u00fcger, former president of the Boers in South Africa, and the statue of eighteenth-century theologian and humanist Johann Gottfried Herder have faced each other for over a century, both wrapped in contemplative silence.Their quite discrepant perspectives on indigenous peoples and foreign tradition proved most inspirational. The show was influenced by the fa\u00e7ade paintings and traditional masks of the Ndebele tribes, who were oppressed by Kr\u00fcger, whereas Herder would have been fascinated by them. The result is a vivid interplay between classical fa\u00e7ade and South African language of form.","breadcrumb":{"@id":"https:\/\/xenorama.com\/portfolio\/moya-facade\/#breadcrumb"},"inLanguage":"de","potentialAction":[{"@type":"ReadAction","target":["https:\/\/xenorama.com\/portfolio\/moya-facade\/"]}]},{"@type":"ImageObject","inLanguage":"de","@id":"https:\/\/xenorama.com\/portfolio\/moya-facade\/#primaryimage","url":"https:\/\/xenorama.com\/wp-content\/uploads\/2015\/08\/GLO_CC_BG_WEB.jpg","contentUrl":"https:\/\/xenorama.com\/wp-content\/uploads\/2015\/08\/GLO_CC_BG_WEB.jpg","width":1920,"height":1080},{"@type":"BreadcrumbList","@id":"https:\/\/xenorama.com\/portfolio\/moya-facade\/#breadcrumb","itemListElement":[{"@type":"ListItem","position":1,"name":"Startseite","item":"https:\/\/xenorama.com\/"},{"@type":"ListItem","position":2,"name":"Portfolio","item":"https:\/\/xenorama.com\/portfolio\/"},{"@type":"ListItem","position":3,"name":"MOYA FA\u00c7ADE"}]},{"@type":"WebSite","@id":"https:\/\/xenorama.com\/#website","url":"https:\/\/xenorama.com\/","name":"Xenorama","description":"Studio f\u00fcr audio-visuelle Kunst","publisher":{"@id":"https:\/\/xenorama.com\/#organization"},"potentialAction":[{"@type":"SearchAction","target":{"@type":"EntryPoint","urlTemplate":"https:\/\/xenorama.com\/?s={search_term_string}"},"query-input":{"@type":"PropertyValueSpecification","valueRequired":true,"valueName":"search_term_string"}}],"inLanguage":"de"},{"@type":"Organization","@id":"https:\/\/xenorama.com\/#organization","name":"Xenorama - Studio for audiovisual Art","url":"https:\/\/xenorama.com\/","logo":{"@type":"ImageObject","inLanguage":"de","@id":"https:\/\/xenorama.com\/#\/schema\/logo\/image\/","url":"https:\/\/xenorama.com\/wp-content\/uploads\/2020\/04\/Logo_xenorama-studio_01_TITLE-ONLY_WHITE_500px.png","contentUrl":"https:\/\/xenorama.com\/wp-content\/uploads\/2020\/04\/Logo_xenorama-studio_01_TITLE-ONLY_WHITE_500px.png","width":500,"height":80,"caption":"Xenorama - Studio for audiovisual Art"},"image":{"@id":"https:\/\/xenorama.com\/#\/schema\/logo\/image\/"},"sameAs":["https:\/\/www.facebook.com\/xenorama.collective\/","http:\/\/instagram.com\/xenorama.studio\/","https:\/\/www.youtube.com\/channel\/UCme1_Q96NJ3AvCt7hsIKEiw"]}]}},"_links":{"self":[{"href":"https:\/\/xenorama.com\/de\/wp-json\/wp\/v2\/portfolio\/2674","targetHints":{"allow":["GET"]}}],"collection":[{"href":"https:\/\/xenorama.com\/de\/wp-json\/wp\/v2\/portfolio"}],"about":[{"href":"https:\/\/xenorama.com\/de\/wp-json\/wp\/v2\/types\/portfolio"}],"author":[{"embeddable":true,"href":"https:\/\/xenorama.com\/de\/wp-json\/wp\/v2\/users\/3"}],"replies":[{"embeddable":true,"href":"https:\/\/xenorama.com\/de\/wp-json\/wp\/v2\/comments?post=2674"}],"version-history":[{"count":10,"href":"https:\/\/xenorama.com\/de\/wp-json\/wp\/v2\/portfolio\/2674\/revisions"}],"predecessor-version":[{"id":8720,"href":"https:\/\/xenorama.com\/de\/wp-json\/wp\/v2\/portfolio\/2674\/revisions\/8720"}],"wp:featuredmedia":[{"embeddable":true,"href":"https:\/\/xenorama.com\/de\/wp-json\/wp\/v2\/media\/4473"}],"wp:attachment":[{"href":"https:\/\/xenorama.com\/de\/wp-json\/wp\/v2\/media?parent=2674"}],"wp:term":[{"taxonomy":"portfolio_category","embeddable":true,"href":"https:\/\/xenorama.com\/de\/wp-json\/wp\/v2\/portfolio_category?post=2674"},{"taxonomy":"portfolio_tag","embeddable":true,"href":"https:\/\/xenorama.com\/de\/wp-json\/wp\/v2\/portfolio_tag?post=2674"}],"curies":[{"name":"wp","href":"https:\/\/api.w.org\/{rel}","templated":true}]}}