{"id":4456,"date":"2017-05-11T15:16:00","date_gmt":"2017-05-11T13:16:00","guid":{"rendered":"http:\/\/xenorama.de\/mezzanin\/?post_type=portfolio&#038;p=4456"},"modified":"2025-02-17T12:28:18","modified_gmt":"2025-02-17T11:28:18","slug":"aureal","status":"publish","type":"portfolio","link":"https:\/\/xenorama.com\/de\/portfolio\/aureal\/","title":{"rendered":"AUREAL"},"content":{"rendered":"<section class=\"wpb-content-wrapper\">[vc_row disable_element=&#8220;yes&#8220; hide_bg_image_on_tablet=&#8220;&#8220; hide_bg_image_on_mobile=&#8220;&#8220;][vc_column][vc_column_text]\n<ul>\n<li style=\"font-weight: 400;\"><b>Portfolioeintrag<\/b><span style=\"font-weight: 400;\">:<\/span>\n<ul>\n<li style=\"font-weight: 400;\"><span style=\"font-weight: 400;\">Titel und Permalink (Wichtig: Drauf achten, alte Links zu verwenden, die auf Projektkarten drauf sind)<\/span><\/li>\n<li style=\"font-weight: 400;\"><span style=\"font-weight: 400;\">Production Facts \/ Subheadline<\/span>\n<ul>\n<li style=\"font-weight: 400;\"><span style=\"font-weight: 400;\">m\u00fc\u00dfen als Custom Meta Data in EN und DEeingetragen werden<\/span><\/li>\n<li style=\"font-weight: 400;\"><span style=\"font-weight: 400;\">Umbr\u00fcche getrennt durch <\/span><\/li>\n<\/ul>\n<\/li>\n<li style=\"font-weight: 400;\"><span style=\"font-weight: 400;\">Headerbild<\/span>\n<ul>\n<li style=\"font-weight: 400;\"><span style=\"font-weight: 400;\">Zum \u00c4ndern: In erster Zeile auf \u201eEdit this Row\u201c \/ \u201eDesign Options\u201c \/ Bild austauschen \/ \u201cSave Changes\u201d<\/span><\/li>\n<\/ul>\n<\/li>\n<li style=\"font-weight: 400;\"><span style=\"font-weight: 400;\">Texte\/Credits einf\u00fcgen<\/span>\n<ul>\n<li style=\"font-weight: 400;\"><span style=\"font-weight: 400;\">Wenn m\u00f6glich, externe und interne Links einbringen (f\u00fcr SEO)<\/span><\/li>\n<\/ul>\n<\/li>\n<li style=\"font-weight: 400;\"><span style=\"font-weight: 400;\">Vimeo Video Einbindung:<\/span>\n<ul>\n<li style=\"font-weight: 400;\"><span style=\"font-weight: 400;\">Copy or \u201cpress +\/ Video Player \/ Nicht direkt Vimeo Link eingeben (dann alle Overlays zu sehen), sondern bei \u201cEmbeded Code\u201d Zahlenfolge austauschen<\/span><\/li>\n<\/ul>\n<\/li>\n<li style=\"font-weight: 400;\"><span style=\"font-weight: 400;\">Bilder einf\u00fcgen<\/span>\n<ul>\n<li style=\"font-weight: 400;\"><span style=\"font-weight: 400;\">Am einfachsten: bestehende Zeile mit entsprechend vielen Spalten kopieren, ansonsten:<\/span><\/li>\n<li style=\"font-weight: 400;\"><span style=\"font-weight: 400;\">\u201cPrepend to this Column\u201d (= Plus zeichen am Ende einer Zeile) \/ My Elements \/ \u201c_XEN_single-image_01-correct-ratio-and-lightbox\u201d \/ Slect image<\/span><\/li>\n<\/ul>\n<\/li>\n<li style=\"font-weight: 400;\"><span style=\"font-weight: 400;\">Soundcloud einf\u00fcgen:<\/span>\n<ul>\n<li style=\"font-weight: 400;\"><span style=\"font-weight: 400;\">Am einfachsten: bestehenden Block aus Template kopieren<\/span><\/li>\n<li style=\"font-weight: 400;\"><span style=\"font-weight: 400;\">ansonsten: \u201c press + \/ text Block \/change to Text Editor Mode \/ Insert iFrame from Soundcloud \/ ggf h\u00f6he anpassen<\/span><\/li>\n<\/ul>\n<\/li>\n<li style=\"font-weight: 400;\"><span style=\"font-weight: 400;\">Yoast SEO:<\/span>\n<ul>\n<li style=\"font-weight: 400;\"><span style=\"font-weight: 400;\">Focus Keyphrase = Subheadline<\/span><\/li>\n<li style=\"font-weight: 400;\"><span style=\"font-weight: 400;\">\u201cEdit Snippet\u201d anklicken<\/span>\n<ul>\n<li style=\"font-weight: 400;\"><span style=\"font-weight: 400;\">\u201cTitle\u201d | \u201cSite Title\u201d<\/span><\/li>\n<\/ul>\n<\/li>\n<li style=\"font-weight: 400;\"><span style=\"font-weight: 400;\">Meta Description = Suheadline | Projektbeschreibung<\/span><\/li>\n<li style=\"font-weight: 400;\"><span style=\"font-weight: 400;\">SEO Analysis grob durchgucken<\/span><\/li>\n<\/ul>\n<\/li>\n<li style=\"font-weight: 400;\"><span style=\"font-weight: 400;\">Featured Image<\/span>\n<ul>\n<li style=\"font-weight: 400;\"><span style=\"font-weight: 400;\">hochladen (ggf aufpassen das es keine Dopplung mit dem titelbild des ersten vimeo videos gibt)<\/span><\/li>\n<\/ul>\n<\/li>\n<li style=\"font-weight: 400;\"><span style=\"font-weight: 400;\">Categories<\/span>\n<ul>\n<li style=\"font-weight: 400;\"><span style=\"font-weight: 400;\">anklicken<\/span><\/li>\n<\/ul>\n<\/li>\n<li style=\"font-weight: 400;\"><span style=\"font-weight: 400;\">\u00dcbersetzen:<\/span>\n<ul>\n<li style=\"font-weight: 400;\"><span style=\"font-weight: 400;\">Nach dem alle Inhalte in einer Sprache eingetragen wurden ganz oben auf \u201cClassic Mode\u201d wechslen \/ alles markieren \/ zu \u201cgerman\u201d wechseln, wieder \u201cclassic mode\u201d aktivieren und alles einf\u00fcgen, wieder zu \u201cBackendEditor\u201d wechseln.\u00a0 Dann auf Publish\/Update klicken<\/span><\/li>\n<li style=\"font-weight: 400;\"><span style=\"font-weight: 400;\">im obersten linken Block:<\/span>\n<ul>\n<li style=\"font-weight: 400;\"><span style=\"font-weight: 400;\">\u201cgrid_meta key\u201d: \u201ceg-de_subheadline\u201d \/ bzw. \u201ceg-de_production-facts\u201d einf\u00fcgen<\/span><\/li>\n<\/ul>\n<\/li>\n<li style=\"font-weight: 400;\"><span style=\"font-weight: 400;\">Texte und SEO texte \u00fcbersetzen<\/span><\/li>\n<\/ul>\n<\/li>\n<li style=\"font-weight: 400;\"><span style=\"font-weight: 400;\">Ver\u00f6ffentlichen:<\/span>\n<ul>\n<li style=\"font-weight: 400;\"><span style=\"font-weight: 400;\">instructions l\u00f6schen<\/span><\/li>\n<li style=\"font-weight: 400;\"><span style=\"font-weight: 400;\">Publish Date: Premieren Datum<\/span><\/li>\n<li style=\"font-weight: 400;\"><span style=\"font-weight: 400;\">Darauf achten: zuletzte Englische Version aktualisieren, sonst SEO Focus Keyphrase nicht mehr da (bug\/einschr\u00e4nkung des Free-Plugins?)<\/span><\/li>\n<\/ul>\n<\/li>\n<\/ul>\n<\/li>\n<\/ul>\n[\/vc_column_text][\/vc_column][\/vc_row][vc_row full_width=&#8220;stretch_row&#8220; full_height=&#8220;yes&#8220; columns_placement=&#8220;top&#8220; content_placement=&#8220;middle&#8220; hide_bg_image_on_tablet=&#8220;&#8220; hide_bg_image_on_mobile=&#8220;&#8220; css=&#8220;.vc_custom_1739791696177{background-image: url(https:\/\/xenorama.com\/wp-content\/uploads\/2020\/05\/PGS_MODE_TITLE_MG_1503_FULLHD_CCWEB.jpg?id=4856) !important;background-position: center !important;background-repeat: no-repeat !important;background-size: cover !important;}&#8220;][vc_column width=&#8220;1\/3&#8243; fix_column=&#8220;1&#8243; hide_bg_image_on_tablet=&#8220;&#8220; hide_bg_image_on_mobile=&#8220;&#8220; el_class=&#8220;portfolio-single_title-div&#8220; css=&#8220;.vc_custom_1585928994138{background-color: rgba(17,17,17,0.5) !important;*background-color: rgb(17,17,17) !important;}&#8220;][vc_column_text]\n<h3>AUREAL<\/h3>\n[\/vc_column_text][vc_separator color=&#8220;white&#8220; border_width=&#8220;4&#8243;][vc_column_text css=&#8220;.vc_custom_1589753729841{margin-bottom: 1em !important;}&#8220;]\n<h5><strong>Indoor-Projektionen f\u00fcr Schmuckjubil\u00e4um Pforzheim<\/strong><\/h5>\n[\/vc_column_text][vc_column_text]\n<h5><p>Premiere im Mai 2017 <br>Produziert f\u00fcr Goldstadt250 <br>Pr\u00e4sentiert im Congress Centrum Pforzheim<\/p><\/h5>\n[\/vc_column_text][\/vc_column][\/vc_row][vc_row gap=&#8220;20&#8243; hide_bg_image_on_tablet=&#8220;&#8220; hide_bg_image_on_mobile=&#8220;&#8220; el_class=&#8220;portfolio-single_content-row&#8220;][vc_column width=&#8220;1\/3&#8243; fix_column=&#8220;1&#8243; hide_bg_image_on_tablet=&#8220;&#8220; hide_bg_image_on_mobile=&#8220;&#8220; el_class=&#8220;portfolio-single_text-column&#8220;][vc_column_text]Im Jahre 1767 gew\u00e4hrte der Markgraf Karl Friedrich von Baden der Stadt Pforzheim die Rechte zur Schmuck- und Uhrenproduktion. Zum 250. Jahrestag dieses Anlasses begleiteten wir die Jubil\u00e4ums-Gala im Congress Centrum Pforzheim mit einer 270\u00b0-Panoramaprojektion.<\/p>\n<p>Zur Einleitung in den Abend verarbeiteten wir Archivmaterial mit r\u00e4umlichen 3D-Animationen zu einer historischen Narration, welche die bewegte Geschichte der Schmuckproduktion mit ihren H\u00f6hen und Tiefen im Verlauf der letzten 250 Jahre erz\u00e4hlt. F\u00fcr den zweiten Teil des Abends begleiteten wir eine Multi-Media Fashion Show mit Ani-mationen der repr\u00e4sentativen Kleidungsst\u00fccke und entwarfen ebenso das Sounddesign der Moden-Show Aureal. Des Weiteren untermalten wir die Auftritte des Operns\u00e4ngers Jos\u00e9 Carreras, sowie des Ballett Ensembles Pforzheim mit projizierten B\u00fchnen-Atmosph\u00e4ren.[\/vc_column_text][vc_separator color=&#8220;white&#8220; css=&#8220;.vc_custom_1549268778335{margin-top: 2em !important;margin-bottom: 3em !important;}&#8220;][vc_column_text el_class=&#8220;portfolio-single_credits&#8220;]<strong><em>Credits:<\/em><\/strong>[\/vc_column_text][vc_column_text el_class=&#8220;portfolio-single_credits&#8220;]Art-Direction by Xenorama (<a href=\"http:\/\/lorenzpotthast.de\/\" target=\"_blank\" rel=\"noopener noreferrer\">Lorenz Potthast<\/a>, <a href=\"http:\/\/xenorama.de\/mezzanin\/about-xen\/\" target=\"_blank\" rel=\"noopener noreferrer\">Marcel B\u00fcckner<\/a>, <a href=\"http:\/\/mojari.de\/\" target=\"_blank\" rel=\"noopener noreferrer\">Moritz Richartz<\/a>, <a href=\"http:\/\/xenorama.de\/mezzanin\/about-xen\/\" target=\"_blank\" rel=\"noopener noreferrer\">Richard Oeckel<\/a>, <a href=\"http:\/\/xenorama.de\/mezzanin\/about-xen\/\" target=\"_blank\" rel=\"noopener noreferrer\">Tim Heinze<\/a>)<br \/>\nAnimation Assistance: Hendrik L\u00fcdders, Robert Vogel, Hans Arnold<br \/>\nTechnical Assistance: Maximilian Gr\u00e4f<br \/>\nDocumentation: <a title=\"Vimeo page Marcel B\u00fcckner\" href=\"https:\/\/vimeo.com\/user8623200\" target=\"_blank\" rel=\"noopener noreferrer\">Marcel B\u00fcckner<\/a><a title=\"Vimeo page Marcel B\u00fcckner\" href=\"https:\/\/vimeo.com\/user8623200\" target=\"_blank\" rel=\"noopener noreferrer\">,<\/a>\u00a0<a title=\"Website of Lorenz Potthast\" href=\"http:\/\/www.lorenzpotthast.de\/\" target=\"_blank\" rel=\"noopener noreferrer\">Lorenz Potthast<\/a>, Hans Arnold<br \/>\nMusical Assistance: <a title=\"Singer and actor Polina Borrissova\" href=\"https:\/\/www.facebook.com\/polina.borissova?hc_location=ufi\" target=\"_blank\" rel=\"noopener noreferrer\">Polina Borissova<\/a>, Dan Merger, Samuel Sauter<br \/>\nTechnical Partner: <a title=\"Neumann&amp;M\u00fcller Veranstaltungstechnik\" href=\"https:\/\/www.neumannmueller.com\/de\/startseite\/\" target=\"_blank\" rel=\"noopener noreferrer\">Neumann&amp;M\u00fcller Veranstaltungstechnik<\/a>[\/vc_column_text][\/vc_column][vc_column width=&#8220;2\/3&#8243; hide_bg_image_on_tablet=&#8220;&#8220; hide_bg_image_on_mobile=&#8220;&#8220; el_class=&#8220;portfolio-single_content-column&#8220;][vc_single_image image=&#8220;4434&#8243; img_size=&#8220;full&#8220; onclick=&#8220;img_link_large&#8220;][vc_row_inner][vc_column_inner width=&#8220;1\/2&#8243;][vc_single_image image=&#8220;4430&#8243; img_size=&#8220;medium&#8220; onclick=&#8220;img_link_large&#8220;][\/vc_column_inner][vc_column_inner width=&#8220;1\/2&#8243;][vc_single_image image=&#8220;4432&#8243; img_size=&#8220;medium&#8220; onclick=&#8220;img_link_large&#8220;][\/vc_column_inner][\/vc_row_inner][vc_wp_text]\n<div style=\"padding: 56.25% 0 0 0; position: relative;\"><iframe style=\"position: absolute; top: 0; left: 0; width: 100%; height: 100%;\" src=\"https:\/\/player.vimeo.com\/video\/270479165?h=2c561087fa&amp;title=0&amp;byline=0&amp;portrait=0\" frameborder=\"0\" allowfullscreen=\"allowfullscreen\"><\/iframe><\/div>\n<p><script src=\"https:\/\/player.vimeo.com\/api\/player.js\"><\/script>[\/vc_wp_text][vc_single_image image=&#8220;4433&#8243; img_size=&#8220;full&#8220; onclick=&#8220;img_link_large&#8220;][vc_row_inner][vc_column_inner width=&#8220;1\/2&#8243;][vc_single_image image=&#8220;4435&#8243; img_size=&#8220;medium&#8220; onclick=&#8220;img_link_large&#8220;][\/vc_column_inner][vc_column_inner width=&#8220;1\/2&#8243;][vc_single_image image=&#8220;4437&#8243; img_size=&#8220;medium&#8220; onclick=&#8220;img_link_large&#8220;][\/vc_column_inner][\/vc_row_inner][vc_single_image image=&#8220;4857&#8243; img_size=&#8220;full&#8220; onclick=&#8220;img_link_large&#8220;][vc_separator color=&#8220;white&#8220; css=&#8220;.vc_custom_1549268778335{margin-top: 2em !important;margin-bottom: 3em !important;}&#8220;][vc_column_text]\n<h3>Making Of<\/h3>\n[\/vc_column_text][vc_row_inner][vc_column_inner width=&#8220;2\/3&#8243;][vc_single_image image=&#8220;4421&#8243; img_size=&#8220;large&#8220; onclick=&#8220;img_link_large&#8220;][\/vc_column_inner][vc_column_inner width=&#8220;1\/3&#8243;][vc_single_image image=&#8220;4420&#8243; onclick=&#8220;img_link_large&#8220;][vc_single_image image=&#8220;4438&#8243; onclick=&#8220;img_link_large&#8220;][\/vc_column_inner][\/vc_row_inner][\/vc_column][\/vc_row]\n<\/section>","protected":false},"excerpt":{"rendered":"<p>[vc_row disable_element=&#8220;yes&#8220; hide_bg_image_on_tablet=&#8220;&#8220; hide_bg_image_on_mobile=&#8220;&#8220;][vc_column][vc_column_text] Portfolioeintrag: Titel und Permalink (Wichtig: Drauf achten, alte Links zu verwenden, die auf Projektkarten drauf sind) Production Facts \/ Subheadline&hellip;<\/p>\n","protected":false},"author":4,"featured_media":4856,"comment_status":"closed","ping_status":"closed","template":"","meta":{"footnotes":""},"portfolio_category":[50],"portfolio_tag":[],"class_list":["post-4456","portfolio","type-portfolio","status-publish","has-post-thumbnail","hentry","portfolio_category-digital-design"],"translation":{"provider":"WPGlobus","version":"3.0.2","language":"de","enabled_languages":["en","de"],"languages":{"en":{"title":true,"content":true,"excerpt":false},"de":{"title":true,"content":true,"excerpt":false}}},"yoast_head":"<!-- This site is optimized with the Yoast SEO plugin v26.8 - https:\/\/yoast.com\/product\/yoast-seo-wordpress\/ -->\n<title>AUREAL | Xenorama<\/title>\n<meta name=\"description\" content=\"Im Jahre 1767 gew\u00e4hrte der Markgraf Karl Friedrich von Baden der Stadt Pforzheim die Rechte zur Schmuck- und Uhrenproduktion. Zum 250. Jahrestag dieses Anlasses begleiteten wir die Jubil\u00e4ums-Gala im Congress Centrum Pforzheim mit einer 270\u00b0-Panoramaprojektion.Zur Einleitung in den Abend verarbeiteten wir Archivmaterial mit r\u00e4umlichen 3D-Animationen zu einer historischen Narration, welche die bewegte Geschichte der Schmuckproduktion mit ihren H\u00f6hen und Tiefen im Verlauf der letzten 250 Jahre erz\u00e4hlt. F\u00fcr den zweiten Teil des Abends begleiteten wir eine Multi-Media Fashion Show mit Ani-mationen der repr\u00e4sentativen Kleidungsst\u00fccke und entwarfen ebenso das Sounddesign der Moden-Show Aureal. Des Weiteren untermalten wir die Auftritte des Operns\u00e4ngers Jos\u00e9 Carreras, sowie des Ballett Ensembles Pforzheim mit projizierten B\u00fchnen-Atmosph\u00e4ren.\" \/>\n<meta name=\"robots\" content=\"index, follow, max-snippet:-1, max-image-preview:large, max-video-preview:-1\" \/>\n<link rel=\"canonical\" href=\"https:\/\/xenorama.com\/portfolio\/aureal\/\" \/>\n<meta property=\"og:locale\" content=\"de_DE\" \/>\n<meta property=\"og:type\" content=\"article\" \/>\n<meta property=\"og:title\" content=\"AUREAL | Xenorama\" \/>\n<meta property=\"og:description\" content=\"Im Jahre 1767 gew\u00e4hrte der Markgraf Karl Friedrich von Baden der Stadt Pforzheim die Rechte zur Schmuck- und Uhrenproduktion. Zum 250. Jahrestag dieses Anlasses begleiteten wir die Jubil\u00e4ums-Gala im Congress Centrum Pforzheim mit einer 270\u00b0-Panoramaprojektion.Zur Einleitung in den Abend verarbeiteten wir Archivmaterial mit r\u00e4umlichen 3D-Animationen zu einer historischen Narration, welche die bewegte Geschichte der Schmuckproduktion mit ihren H\u00f6hen und Tiefen im Verlauf der letzten 250 Jahre erz\u00e4hlt. F\u00fcr den zweiten Teil des Abends begleiteten wir eine Multi-Media Fashion Show mit Ani-mationen der repr\u00e4sentativen Kleidungsst\u00fccke und entwarfen ebenso das Sounddesign der Moden-Show Aureal. Des Weiteren untermalten wir die Auftritte des Operns\u00e4ngers Jos\u00e9 Carreras, sowie des Ballett Ensembles Pforzheim mit projizierten B\u00fchnen-Atmosph\u00e4ren.\" \/>\n<meta property=\"og:url\" content=\"https:\/\/xenorama.com\/portfolio\/aureal\/\" \/>\n<meta property=\"og:site_name\" content=\"Xenorama\" \/>\n<meta property=\"article:publisher\" content=\"https:\/\/www.facebook.com\/xenorama.collective\/\" \/>\n<meta property=\"article:modified_time\" content=\"2025-02-17T11:28:18+00:00\" \/>\n<meta property=\"og:image\" content=\"https:\/\/xenorama.com\/wp-content\/uploads\/2020\/05\/PGS_MODE_TITLE_MG_1503_FULLHD_CCWEB.jpg\" \/>\n\t<meta property=\"og:image:width\" content=\"1920\" \/>\n\t<meta property=\"og:image:height\" content=\"1080\" \/>\n\t<meta property=\"og:image:type\" content=\"image\/jpeg\" \/>\n<meta name=\"twitter:card\" content=\"summary_large_image\" \/>\n<meta name=\"twitter:label1\" content=\"Gesch\u00e4tzte Lesezeit\" \/>\n\t<meta name=\"twitter:data1\" content=\"4\u00a0Minuten\" \/>\n<!-- \/ Yoast SEO plugin. -->","yoast_head_json":{"title":"AUREAL | Xenorama","description":"Im Jahre 1767 gew\u00e4hrte der Markgraf Karl Friedrich von Baden der Stadt Pforzheim die Rechte zur Schmuck- und Uhrenproduktion. Zum 250. Jahrestag dieses Anlasses begleiteten wir die Jubil\u00e4ums-Gala im Congress Centrum Pforzheim mit einer 270\u00b0-Panoramaprojektion.Zur Einleitung in den Abend verarbeiteten wir Archivmaterial mit r\u00e4umlichen 3D-Animationen zu einer historischen Narration, welche die bewegte Geschichte der Schmuckproduktion mit ihren H\u00f6hen und Tiefen im Verlauf der letzten 250 Jahre erz\u00e4hlt. F\u00fcr den zweiten Teil des Abends begleiteten wir eine Multi-Media Fashion Show mit Ani-mationen der repr\u00e4sentativen Kleidungsst\u00fccke und entwarfen ebenso das Sounddesign der Moden-Show Aureal. Des Weiteren untermalten wir die Auftritte des Operns\u00e4ngers Jos\u00e9 Carreras, sowie des Ballett Ensembles Pforzheim mit projizierten B\u00fchnen-Atmosph\u00e4ren.","robots":{"index":"index","follow":"follow","max-snippet":"max-snippet:-1","max-image-preview":"max-image-preview:large","max-video-preview":"max-video-preview:-1"},"canonical":"https:\/\/xenorama.com\/portfolio\/aureal\/","og_locale":"de_DE","og_type":"article","og_title":"AUREAL | Xenorama","og_description":"Im Jahre 1767 gew\u00e4hrte der Markgraf Karl Friedrich von Baden der Stadt Pforzheim die Rechte zur Schmuck- und Uhrenproduktion. Zum 250. Jahrestag dieses Anlasses begleiteten wir die Jubil\u00e4ums-Gala im Congress Centrum Pforzheim mit einer 270\u00b0-Panoramaprojektion.Zur Einleitung in den Abend verarbeiteten wir Archivmaterial mit r\u00e4umlichen 3D-Animationen zu einer historischen Narration, welche die bewegte Geschichte der Schmuckproduktion mit ihren H\u00f6hen und Tiefen im Verlauf der letzten 250 Jahre erz\u00e4hlt. F\u00fcr den zweiten Teil des Abends begleiteten wir eine Multi-Media Fashion Show mit Ani-mationen der repr\u00e4sentativen Kleidungsst\u00fccke und entwarfen ebenso das Sounddesign der Moden-Show Aureal. Des Weiteren untermalten wir die Auftritte des Operns\u00e4ngers Jos\u00e9 Carreras, sowie des Ballett Ensembles Pforzheim mit projizierten B\u00fchnen-Atmosph\u00e4ren.","og_url":"https:\/\/xenorama.com\/portfolio\/aureal\/","og_site_name":"Xenorama","article_publisher":"https:\/\/www.facebook.com\/xenorama.collective\/","article_modified_time":"2025-02-17T11:28:18+00:00","og_image":[{"width":1920,"height":1080,"url":"https:\/\/xenorama.com\/wp-content\/uploads\/2020\/05\/PGS_MODE_TITLE_MG_1503_FULLHD_CCWEB.jpg","type":"image\/jpeg"}],"twitter_card":"summary_large_image","twitter_misc":{"Gesch\u00e4tzte Lesezeit":"4\u00a0Minuten"},"schema":{"@context":"https:\/\/schema.org","@graph":[{"@type":"WebPage","@id":"https:\/\/xenorama.com\/portfolio\/aureal\/","url":"https:\/\/xenorama.com\/portfolio\/aureal\/","name":"AUREAL | Xenorama","isPartOf":{"@id":"https:\/\/xenorama.com\/#website"},"primaryImageOfPage":{"@id":"https:\/\/xenorama.com\/portfolio\/aureal\/#primaryimage"},"image":{"@id":"https:\/\/xenorama.com\/portfolio\/aureal\/#primaryimage"},"thumbnailUrl":"https:\/\/xenorama.com\/wp-content\/uploads\/2020\/05\/PGS_MODE_TITLE_MG_1503_FULLHD_CCWEB.jpg","datePublished":"2017-05-11T13:16:00+00:00","dateModified":"2025-02-17T11:28:18+00:00","description":"Im Jahre 1767 gew\u00e4hrte der Markgraf Karl Friedrich von Baden der Stadt Pforzheim die Rechte zur Schmuck- und Uhrenproduktion. Zum 250. Jahrestag dieses Anlasses begleiteten wir die Jubil\u00e4ums-Gala im Congress Centrum Pforzheim mit einer 270\u00b0-Panoramaprojektion.Zur Einleitung in den Abend verarbeiteten wir Archivmaterial mit r\u00e4umlichen 3D-Animationen zu einer historischen Narration, welche die bewegte Geschichte der Schmuckproduktion mit ihren H\u00f6hen und Tiefen im Verlauf der letzten 250 Jahre erz\u00e4hlt. F\u00fcr den zweiten Teil des Abends begleiteten wir eine Multi-Media Fashion Show mit Ani-mationen der repr\u00e4sentativen Kleidungsst\u00fccke und entwarfen ebenso das Sounddesign der Moden-Show Aureal. Des Weiteren untermalten wir die Auftritte des Operns\u00e4ngers Jos\u00e9 Carreras, sowie des Ballett Ensembles Pforzheim mit projizierten B\u00fchnen-Atmosph\u00e4ren.","breadcrumb":{"@id":"https:\/\/xenorama.com\/portfolio\/aureal\/#breadcrumb"},"inLanguage":"de","potentialAction":[{"@type":"ReadAction","target":["https:\/\/xenorama.com\/portfolio\/aureal\/"]}]},{"@type":"ImageObject","inLanguage":"de","@id":"https:\/\/xenorama.com\/portfolio\/aureal\/#primaryimage","url":"https:\/\/xenorama.com\/wp-content\/uploads\/2020\/05\/PGS_MODE_TITLE_MG_1503_FULLHD_CCWEB.jpg","contentUrl":"https:\/\/xenorama.com\/wp-content\/uploads\/2020\/05\/PGS_MODE_TITLE_MG_1503_FULLHD_CCWEB.jpg","width":1920,"height":1080},{"@type":"BreadcrumbList","@id":"https:\/\/xenorama.com\/portfolio\/aureal\/#breadcrumb","itemListElement":[{"@type":"ListItem","position":1,"name":"Startseite","item":"https:\/\/xenorama.com\/"},{"@type":"ListItem","position":2,"name":"Portfolio","item":"https:\/\/xenorama.com\/portfolio\/"},{"@type":"ListItem","position":3,"name":"AUREAL"}]},{"@type":"WebSite","@id":"https:\/\/xenorama.com\/#website","url":"https:\/\/xenorama.com\/","name":"Xenorama","description":"Studio f\u00fcr audio-visuelle Kunst","publisher":{"@id":"https:\/\/xenorama.com\/#organization"},"potentialAction":[{"@type":"SearchAction","target":{"@type":"EntryPoint","urlTemplate":"https:\/\/xenorama.com\/?s={search_term_string}"},"query-input":{"@type":"PropertyValueSpecification","valueRequired":true,"valueName":"search_term_string"}}],"inLanguage":"de"},{"@type":"Organization","@id":"https:\/\/xenorama.com\/#organization","name":"Xenorama - Studio for audiovisual Art","url":"https:\/\/xenorama.com\/","logo":{"@type":"ImageObject","inLanguage":"de","@id":"https:\/\/xenorama.com\/#\/schema\/logo\/image\/","url":"https:\/\/xenorama.com\/wp-content\/uploads\/2020\/04\/Logo_xenorama-studio_01_TITLE-ONLY_WHITE_500px.png","contentUrl":"https:\/\/xenorama.com\/wp-content\/uploads\/2020\/04\/Logo_xenorama-studio_01_TITLE-ONLY_WHITE_500px.png","width":500,"height":80,"caption":"Xenorama - Studio for audiovisual Art"},"image":{"@id":"https:\/\/xenorama.com\/#\/schema\/logo\/image\/"},"sameAs":["https:\/\/www.facebook.com\/xenorama.collective\/","http:\/\/instagram.com\/xenorama.studio\/","https:\/\/www.youtube.com\/channel\/UCme1_Q96NJ3AvCt7hsIKEiw"]}]}},"_links":{"self":[{"href":"https:\/\/xenorama.com\/de\/wp-json\/wp\/v2\/portfolio\/4456","targetHints":{"allow":["GET"]}}],"collection":[{"href":"https:\/\/xenorama.com\/de\/wp-json\/wp\/v2\/portfolio"}],"about":[{"href":"https:\/\/xenorama.com\/de\/wp-json\/wp\/v2\/types\/portfolio"}],"author":[{"embeddable":true,"href":"https:\/\/xenorama.com\/de\/wp-json\/wp\/v2\/users\/4"}],"replies":[{"embeddable":true,"href":"https:\/\/xenorama.com\/de\/wp-json\/wp\/v2\/comments?post=4456"}],"version-history":[{"count":10,"href":"https:\/\/xenorama.com\/de\/wp-json\/wp\/v2\/portfolio\/4456\/revisions"}],"predecessor-version":[{"id":8616,"href":"https:\/\/xenorama.com\/de\/wp-json\/wp\/v2\/portfolio\/4456\/revisions\/8616"}],"wp:featuredmedia":[{"embeddable":true,"href":"https:\/\/xenorama.com\/de\/wp-json\/wp\/v2\/media\/4856"}],"wp:attachment":[{"href":"https:\/\/xenorama.com\/de\/wp-json\/wp\/v2\/media?parent=4456"}],"wp:term":[{"taxonomy":"portfolio_category","embeddable":true,"href":"https:\/\/xenorama.com\/de\/wp-json\/wp\/v2\/portfolio_category?post=4456"},{"taxonomy":"portfolio_tag","embeddable":true,"href":"https:\/\/xenorama.com\/de\/wp-json\/wp\/v2\/portfolio_tag?post=4456"}],"curies":[{"name":"wp","href":"https:\/\/api.w.org\/{rel}","templated":true}]}}